{"id":496,"date":"2016-03-10T20:00:00","date_gmt":"2016-03-10T23:00:00","guid":{"rendered":"https:\/\/blogs.unc.edu.ar\/infiqc\/?page_id=496"},"modified":"2019-03-28T08:49:42","modified_gmt":"2019-03-28T11:49:42","slug":"laboratorios","status":"publish","type":"page","link":"https:\/\/blogs.unc.edu.ar\/infiqc\/institucional\/laboratorios\/","title":{"rendered":"Laboratorios"},"content":{"rendered":"<p><strong>COORDINADORES Y CONSEJOS DE ADMINISTRACI\u00d3N DE LOS LABORATORIOS DEL INFIQC<\/strong><\/p>\n<p><strong><u>Lab. de Cromatograf\u00eda<\/u><\/strong><\/p>\n<p><strong><em>Coordinadora:<\/em><\/strong> Mar\u00eda T. Baumgartner<br \/>\n<strong><em>Coordinadora Alterna:<\/em><\/strong> Bel\u00e9n Blanco<\/p>\n<p style=\"padding-left: 30px\"><strong><em>Integrantes:<\/em><\/strong><br \/>\nLiliana Jimenez<br \/>\nRa\u00fal Taccone<br \/>\nMarcela Palacio<br \/>\nGuillermo Blanco<br \/>\nEzequiel Falchi<br \/>\nPablo Cortina<\/p>\n<p><strong><u>Lab. de Espectroscop\u00eda<\/u><\/strong><\/p>\n<p><strong><em>Coordinadora:<\/em><\/strong> Natalia Pacioni<br \/>\n<strong><em>Coordinador Alterno:<\/em><\/strong> Rodrigo Inglesias<\/p>\n<p style=\"padding-left: 30px\"><strong><em>Integrantes:<\/em><\/strong><br \/>\nRicardo Rojas Delgado<br \/>\nManuel P\u00e9rez<br \/>\nBracamonte Guillermo<br \/>\nNatalia Torres<\/p>\n<p><strong><u>Laboratorios de Microscop\u00eda:<\/u><\/strong><\/p>\n<p style=\"padding-left: 30px\"><strong>a) Laboratorio de Raman<\/strong><br \/>\n<strong><em>Coordinadora:<\/em><\/strong> Gabriela Lacconi<\/p>\n<p style=\"padding-left: 60px\"><strong><em>Integrantes:<\/em><\/strong><br \/>\nEsteban Druetta<br \/>\nRicardo Rojas Delgado<\/p>\n<p style=\"padding-left: 30px\"><strong>b) Laboratorio de STM y AFM<\/strong><br \/>\n<strong><em>Coordinador:<\/em><\/strong> Fernando Cometto<br \/>\n<strong><em>Coordinador Alterno: <\/em><\/strong>Omar Linares P\u00e9rez<\/p>\n<p style=\"padding-left: 60px\"><strong><em>Integrantes:<\/em><\/strong><br \/>\nMart\u00edn Patrito<br \/>\nVer\u00f3nica Brunetti<br \/>\nFabiana Guti\u00e9rrez<\/p>\n<p style=\"padding-left: 30px\"><strong>c) Laboratorio de SNOM<\/strong><br \/>\n<strong><em>Coordinador:<\/em> <\/strong>Eduardo Coronado<\/p>\n<p style=\"padding-left: 60px\"><strong><em>Integrantes:<\/em><\/strong><br \/>\nLuis P\u00e9rez<br \/>\nCecilia V\u00e1zquez<\/p>\n<p><strong><u>Laboratorio de RMN<\/u><\/strong><\/p>\n<p><strong><em>Coordinador:<\/em><\/strong> Alejandro Granados<br \/>\n<strong><em>Coordinador Alterno:<\/em><\/strong> Alejandro Fracaroli<\/p>\n<p style=\"padding-left: 30px\"><strong><em>Integrantes:<\/em><\/strong><br \/>\nWalter Pel\u00e1ez<br \/>\nGloria Bonetto<br \/>\nEugenia Buden<\/p>\n<p><strong><u>Laboratorio de L\u00e1seres<\/u><\/strong><\/p>\n<p><strong><em>Coordinador:<\/em><\/strong> Maximiliano Burgos Paci<\/p>\n<p style=\"padding-left: 30px\"><strong><em>Integrantes:<\/em><\/strong><br \/>\nJuan Arguello<br \/>\nMaximiliano Rossa<\/p>\n<p><strong><u>Laboratorio de Rayos X<\/u><\/strong><\/p>\n<p><strong><em>Coordinador:<\/em><\/strong> Juan De Paoli<br \/>\n<strong><em>Coordinador Alterno:<\/em><\/strong> Ra\u00fal E. Carbonio<\/p>\n<p style=\"padding-left: 30px\"><strong><em>Integrantes:<\/em><\/strong><br \/>\nValeria Fuertes<br \/>\nAlejandro Menzaque<br \/>\nM. Cecilia Blanco<\/p>\n<p><strong><u>Laboratorio de Espectrometr\u00eda de masas<\/u><\/strong><\/p>\n<p><strong><em>Coordinador:<\/em><\/strong> Gustavo Pino<\/p>\n<p style=\"padding-left: 30px\"><strong><em>Integrantes:<\/em><\/strong><br \/>\nJavier Bardagi<br \/>\nJuan N\u00e1jera<br \/>\nElizabeth Moyano<\/p>\n<p><strong><u>Laboratorio de Electroqu\u00edmica<\/u><\/strong><\/p>\n<p><strong><em>Coordinador:<\/em><\/strong> Nancy Ferreyra<\/p>\n<p style=\"padding-left: 30px\"><strong><em>Integrantes:<\/em><\/strong><br \/>\nRodrigo Iglesias<br \/>\nOmar Linarez Perez<br \/>\nMariana Fernandez<br \/>\nSergio Dassie<\/p>\n<p><strong><u>Laboratorio de Computaci\u00f3n<\/u><\/strong><\/p>\n<p><strong><em>Coordinadora:<\/em><\/strong> Patricia Paredes Olivera<br \/>\n<strong><em>Coordinador Alterno:<\/em><\/strong> Ezequiel Leiva<\/p>\n<p style=\"padding-left: 30px\"><strong><em>Integrantes:<\/em><\/strong><br \/>\nMarcos Villarreal<br \/>\nMarcelo Puiatti<br \/>\nLuis Olcese<\/p>\n","protected":false},"excerpt":{"rendered":"<p>COORDINADORES Y CONSEJOS DE ADMINISTRACI\u00d3N DE LOS LABORATORIOS DEL INFIQC Lab. de Cromatograf\u00eda Coordinadora: Mar\u00eda T. Baumgartner Coordinadora Alterna: Bel\u00e9n Blanco Integrantes: Liliana Jimenez Ra\u00fal Taccone Marcela Palacio Guillermo Blanco Ezequiel Falchi Pablo Cortina Lab. de Espectroscop\u00eda Coordinadora: Natalia Pacioni Coordinador Alterno: Rodrigo Inglesias Integrantes: Ricardo Rojas Delgado Manuel P\u00e9rez Bracamonte Guillermo Natalia Torres Laboratorios [&hellip;]<\/p>\n","protected":false},"author":180,"featured_media":0,"parent":370,"menu_order":0,"comment_status":"closed","ping_status":"closed","template":"page-templates\/full-width.php","meta":{"footnotes":""},"class_list":["post-496","page","type-page","status-publish","hentry"],"_links":{"self":[{"href":"https:\/\/blogs.unc.edu.ar\/infiqc\/wp-json\/wp\/v2\/pages\/496","targetHints":{"allow":["GET"]}}],"collection":[{"href":"https:\/\/blogs.unc.edu.ar\/infiqc\/wp-json\/wp\/v2\/pages"}],"about":[{"href":"https:\/\/blogs.unc.edu.ar\/infiqc\/wp-json\/wp\/v2\/types\/page"}],"author":[{"embeddable":true,"href":"https:\/\/blogs.unc.edu.ar\/infiqc\/wp-json\/wp\/v2\/users\/180"}],"replies":[{"embeddable":true,"href":"https:\/\/blogs.unc.edu.ar\/infiqc\/wp-json\/wp\/v2\/comments?post=496"}],"version-history":[{"count":14,"href":"https:\/\/blogs.unc.edu.ar\/infiqc\/wp-json\/wp\/v2\/pages\/496\/revisions"}],"predecessor-version":[{"id":1907,"href":"https:\/\/blogs.unc.edu.ar\/infiqc\/wp-json\/wp\/v2\/pages\/496\/revisions\/1907"}],"up":[{"embeddable":true,"href":"https:\/\/blogs.unc.edu.ar\/infiqc\/wp-json\/wp\/v2\/pages\/370"}],"wp:attachment":[{"href":"https:\/\/blogs.unc.edu.ar\/infiqc\/wp-json\/wp\/v2\/media?parent=496"}],"curies":[{"name":"wp","href":"https:\/\/api.w.org\/{rel}","templated":true}]}}