{"id":370,"date":"2016-03-02T10:22:50","date_gmt":"2016-03-02T13:22:50","guid":{"rendered":"https:\/\/blogs.unc.edu.ar\/infiqc\/?page_id=370"},"modified":"2017-12-05T15:50:50","modified_gmt":"2017-12-05T18:50:50","slug":"institucional","status":"publish","type":"page","link":"https:\/\/blogs.unc.edu.ar\/infiqc\/institucional\/","title":{"rendered":"Institucional"},"content":{"rendered":"<div class=\"pt-cv-wrapper\"><div class=\"pt-cv-view pt-cv-collapsible\" id=\"pt-cv-view-98b8da19nm\"><div data-id=\"pt-cv-page-1\" class=\"pt-cv-page\" data-cvc=\"1\"><div class=\"panel-group\" id=\"5df9862dl4\"><div class=\"panel panel-default pt-cv-content-item pt-cv-1-col\" >\r\n<div class=\"panel-heading pt-cv-title\">\r\n    <a class=\"panel-title\" data-toggle=\"cvcollapse\" data-parent=\"#5df9862dl4\" data-target=\"#3045555p9d\" href='https:\/\/blogs.unc.edu.ar\/infiqc\/institucional\/consejo-directivo\/' onclick='event.preventDefault()'>\r\n\t\tConsejo Directivo\t<\/a>\r\n\t<\/div>\r\n<div id=\"3045555p9d\" class=\"panel-collapse collapse in\">\r\n\t<div class=\"panel-body\">\r\n\t\t<a href=\"https:\/\/blogs.unc.edu.ar\/infiqc\/institucional\/consejo-directivo\/\" class=\"_self pt-cv-href-thumbnail pt-cv-thumb-default\" target=\"_self\" ><\/a>\n<div class=\"pt-cv-content\"> ...<br \/><div class=\"pt-cv-rmwrap\"><a href=\"https:\/\/blogs.unc.edu.ar\/infiqc\/institucional\/consejo-directivo\/\" class=\"_self pt-cv-readmore btn btn-success\" target=\"_self\">Leer M\u00e1s<\/a><\/div><\/div>\t<\/div>\r\n<\/div><\/div>\n<div class=\"panel panel-default pt-cv-content-item pt-cv-1-col\" >\r\n<div class=\"panel-heading pt-cv-title\">\r\n    <a class=\"panel-title\" data-toggle=\"cvcollapse\" data-parent=\"#5df9862dl4\" data-target=\"#084ca1bnpq\" href='https:\/\/blogs.unc.edu.ar\/infiqc\/institucional\/comunicacion-institucional-2024\/' onclick='event.preventDefault()'>\r\n\t\tComunicaci\u00f3n institucional &#8211; 2026\t<\/a>\r\n\t<\/div>\r\n<div id=\"084ca1bnpq\" class=\"panel-collapse collapse \">\r\n\t<div class=\"panel-body\">\r\n\t\t<a href=\"https:\/\/blogs.unc.edu.ar\/infiqc\/institucional\/comunicacion-institucional-2024\/\" class=\"_self pt-cv-href-thumbnail pt-cv-thumb-default\" target=\"_self\" ><\/a>\n<div class=\"pt-cv-content\">Hoja membretada INFIQC - DOC - PDF DQTC - DOC - PDF DQO - DOC - PDF DFQ - DOC ...<br \/><div class=\"pt-cv-rmwrap\"><a href=\"https:\/\/blogs.unc.edu.ar\/infiqc\/institucional\/comunicacion-institucional-2024\/\" class=\"_self pt-cv-readmore btn btn-success\" target=\"_self\">Leer M\u00e1s<\/a><\/div><\/div>\t<\/div>\r\n<\/div><\/div>\n<div class=\"panel panel-default pt-cv-content-item pt-cv-1-col\" >\r\n<div class=\"panel-heading pt-cv-title\">\r\n    <a class=\"panel-title\" data-toggle=\"cvcollapse\" data-parent=\"#5df9862dl4\" data-target=\"#e6c5238018\" href='https:\/\/blogs.unc.edu.ar\/infiqc\/institucional\/servicios-tecnologicos-de-alto-nivel-stan\/' onclick='event.preventDefault()'>\r\n\t\tServicios Tecnol\u00f3gicos de Alto Nivel (STAN)\t<\/a>\r\n\t<\/div>\r\n<div id=\"e6c5238018\" class=\"panel-collapse collapse \">\r\n\t<div class=\"panel-body\">\r\n\t\t<a href=\"https:\/\/blogs.unc.edu.ar\/infiqc\/institucional\/servicios-tecnologicos-de-alto-nivel-stan\/\" class=\"_self pt-cv-href-thumbnail pt-cv-thumb-default\" target=\"_self\" ><\/a>\n<div class=\"pt-cv-content\">Se entiende por Servicios Tecnol\u00f3gicos de Alto Nivel (STAN) actividades como ensayos, an\u00e1lisis, asesor\u00edas y consultor\u00edas institucionales, entre otros. En ...<br \/><div class=\"pt-cv-rmwrap\"><a href=\"https:\/\/blogs.unc.edu.ar\/infiqc\/institucional\/servicios-tecnologicos-de-alto-nivel-stan\/\" class=\"_self pt-cv-readmore btn btn-success\" target=\"_self\">Leer M\u00e1s<\/a><\/div><\/div>\t<\/div>\r\n<\/div><\/div>\n<div class=\"panel panel-default pt-cv-content-item pt-cv-1-col\" >\r\n<div class=\"panel-heading pt-cv-title\">\r\n    <a class=\"panel-title\" data-toggle=\"cvcollapse\" data-parent=\"#5df9862dl4\" data-target=\"#9926a1f0vj\" href='https:\/\/blogs.unc.edu.ar\/infiqc\/institucional\/pautas-cic\/' onclick='event.preventDefault()'>\r\n\t\tPautas CIC\t<\/a>\r\n\t<\/div>\r\n<div id=\"9926a1f0vj\" class=\"panel-collapse collapse \">\r\n\t<div class=\"panel-body\">\r\n\t\t<a href=\"https:\/\/blogs.unc.edu.ar\/infiqc\/institucional\/pautas-cic\/\" class=\"_self pt-cv-href-thumbnail pt-cv-thumb-default\" target=\"_self\" ><\/a>\n<div class=\"pt-cv-content\">VER PAUTAS - 16-10-2018 ...<br \/><div class=\"pt-cv-rmwrap\"><a href=\"https:\/\/blogs.unc.edu.ar\/infiqc\/institucional\/pautas-cic\/\" class=\"_self pt-cv-readmore btn btn-success\" target=\"_self\">Leer M\u00e1s<\/a><\/div><\/div>\t<\/div>\r\n<\/div><\/div>\n<div class=\"panel panel-default pt-cv-content-item pt-cv-1-col\" >\r\n<div class=\"panel-heading pt-cv-title\">\r\n    <a class=\"panel-title\" data-toggle=\"cvcollapse\" data-parent=\"#5df9862dl4\" data-target=\"#b6edd9er10\" href='https:\/\/blogs.unc.edu.ar\/infiqc\/institucional\/memorias\/' onclick='event.preventDefault()'>\r\n\t\tMemorias\t<\/a>\r\n\t<\/div>\r\n<div id=\"b6edd9er10\" class=\"panel-collapse collapse \">\r\n\t<div class=\"panel-body\">\r\n\t\t<a href=\"https:\/\/blogs.unc.edu.ar\/infiqc\/institucional\/memorias\/\" class=\"_self pt-cv-href-thumbnail pt-cv-thumb-default\" target=\"_self\" ><\/a>\n<div class=\"pt-cv-content\">Pr\u00f3logo La qu\u00edmica en C\u00f3rdoba hace medio siglo, \u00a0Eduardo H. Staricco Resoluci\u00f3n 1093\/80 Creaci\u00f3n PRIFIQUI Resoluci\u00f3n 28\/83 Creaci\u00f3n INFIQC Memorias ...<br \/><div class=\"pt-cv-rmwrap\"><a href=\"https:\/\/blogs.unc.edu.ar\/infiqc\/institucional\/memorias\/\" class=\"_self pt-cv-readmore btn btn-success\" target=\"_self\">Leer M\u00e1s<\/a><\/div><\/div>\t<\/div>\r\n<\/div><\/div>\n<div class=\"panel panel-default pt-cv-content-item pt-cv-1-col\" >\r\n<div class=\"panel-heading pt-cv-title\">\r\n    <a class=\"panel-title\" data-toggle=\"cvcollapse\" data-parent=\"#5df9862dl4\" data-target=\"#828d29edy9\" href='https:\/\/blogs.unc.edu.ar\/infiqc\/institucional\/laboratorios-reglamento\/' onclick='event.preventDefault()'>\r\n\t\tLaboratorios &#8211; Reglamento\t<\/a>\r\n\t<\/div>\r\n<div id=\"828d29edy9\" class=\"panel-collapse collapse \">\r\n\t<div class=\"panel-body\">\r\n\t\t<a href=\"https:\/\/blogs.unc.edu.ar\/infiqc\/institucional\/laboratorios-reglamento\/\" class=\"_self pt-cv-href-thumbnail pt-cv-thumb-default\" target=\"_self\" ><\/a>\n<div class=\"pt-cv-content\">REGLAMENTO DE FUNCIONAMIENTO DE LOS LABORATORIOS DEL INFIQC Definici\u00f3n: Los laboratorios del INFIQC est\u00e1n constituidos por un equipo grande o ...<br \/><div class=\"pt-cv-rmwrap\"><a href=\"https:\/\/blogs.unc.edu.ar\/infiqc\/institucional\/laboratorios-reglamento\/\" class=\"_self pt-cv-readmore btn btn-success\" target=\"_self\">Leer M\u00e1s<\/a><\/div><\/div>\t<\/div>\r\n<\/div><\/div>\n<div class=\"panel panel-default pt-cv-content-item pt-cv-1-col\" >\r\n<div class=\"panel-heading pt-cv-title\">\r\n    <a class=\"panel-title\" data-toggle=\"cvcollapse\" data-parent=\"#5df9862dl4\" data-target=\"#3397931vek\" href='https:\/\/blogs.unc.edu.ar\/infiqc\/institucional\/administracion-cct\/' onclick='event.preventDefault()'>\r\n\t\tAdministraci\u00f3n CCT\t<\/a>\r\n\t<\/div>\r\n<div id=\"3397931vek\" class=\"panel-collapse collapse \">\r\n\t<div class=\"panel-body\">\r\n\t\t<a href=\"https:\/\/blogs.unc.edu.ar\/infiqc\/institucional\/administracion-cct\/\" class=\"_self pt-cv-href-thumbnail pt-cv-thumb-default\" target=\"_self\" ><\/a>\n<div class=\"pt-cv-content\">- Memo General de Administracion CCT Conicet Cordoba DEF - Formulario de Solicitud de Gastos DEF v2 - Modelo de ...<br \/><div class=\"pt-cv-rmwrap\"><a href=\"https:\/\/blogs.unc.edu.ar\/infiqc\/institucional\/administracion-cct\/\" class=\"_self pt-cv-readmore btn btn-success\" target=\"_self\">Leer M\u00e1s<\/a><\/div><\/div>\t<\/div>\r\n<\/div><\/div>\n<div class=\"panel panel-default pt-cv-content-item pt-cv-1-col\" >\r\n<div class=\"panel-heading pt-cv-title\">\r\n    <a class=\"panel-title\" data-toggle=\"cvcollapse\" data-parent=\"#5df9862dl4\" data-target=\"#e756a1bmc3\" href='https:\/\/blogs.unc.edu.ar\/infiqc\/institucional\/plan-estrategico\/' onclick='event.preventDefault()'>\r\n\t\tPlan Estrat\u00e9gico\t<\/a>\r\n\t<\/div>\r\n<div id=\"e756a1bmc3\" class=\"panel-collapse collapse \">\r\n\t<div class=\"panel-body\">\r\n\t\t<a href=\"https:\/\/blogs.unc.edu.ar\/infiqc\/institucional\/plan-estrategico\/\" class=\"_self pt-cv-href-thumbnail pt-cv-thumb-default\" target=\"_self\" ><\/a>\n<div class=\"pt-cv-content\">Plan Estrat\u00e9gico\u00a0(PDF) ...<br \/><div class=\"pt-cv-rmwrap\"><a href=\"https:\/\/blogs.unc.edu.ar\/infiqc\/institucional\/plan-estrategico\/\" class=\"_self pt-cv-readmore btn btn-success\" target=\"_self\">Leer M\u00e1s<\/a><\/div><\/div>\t<\/div>\r\n<\/div><\/div>\n<div class=\"panel panel-default pt-cv-content-item pt-cv-1-col\" >\r\n<div class=\"panel-heading pt-cv-title\">\r\n    <a class=\"panel-title\" data-toggle=\"cvcollapse\" data-parent=\"#5df9862dl4\" data-target=\"#e5e2075pys\" href='https:\/\/blogs.unc.edu.ar\/infiqc\/institucional\/reglamentaciones-generales\/' onclick='event.preventDefault()'>\r\n\t\tReglamentaciones Generales\t<\/a>\r\n\t<\/div>\r\n<div id=\"e5e2075pys\" class=\"panel-collapse collapse \">\r\n\t<div class=\"panel-body\">\r\n\t\t<a href=\"https:\/\/blogs.unc.edu.ar\/infiqc\/institucional\/reglamentaciones-generales\/\" class=\"_self pt-cv-href-thumbnail pt-cv-thumb-default\" target=\"_self\" ><\/a>\n<div class=\"pt-cv-content\">RES-Rect_163_2007-CONVENIO MARCO RD 3009 - Adenda 2014 - Reglamento UE RD_2781-06_reglamento_Unidades-Ejecutoras ...<br \/><div class=\"pt-cv-rmwrap\"><a href=\"https:\/\/blogs.unc.edu.ar\/infiqc\/institucional\/reglamentaciones-generales\/\" class=\"_self pt-cv-readmore btn btn-success\" target=\"_self\">Leer M\u00e1s<\/a><\/div><\/div>\t<\/div>\r\n<\/div><\/div>\n<div class=\"panel panel-default pt-cv-content-item pt-cv-1-col\" >\r\n<div class=\"panel-heading pt-cv-title\">\r\n    <a class=\"panel-title\" data-toggle=\"cvcollapse\" data-parent=\"#5df9862dl4\" data-target=\"#0d8c51fkw3\" href='https:\/\/blogs.unc.edu.ar\/infiqc\/institucional\/reglamento-interno\/' onclick='event.preventDefault()'>\r\n\t\tReglamento Interno\t<\/a>\r\n\t<\/div>\r\n<div id=\"0d8c51fkw3\" class=\"panel-collapse collapse \">\r\n\t<div class=\"panel-body\">\r\n\t\t<a href=\"https:\/\/blogs.unc.edu.ar\/infiqc\/institucional\/reglamento-interno\/\" class=\"_self pt-cv-href-thumbnail pt-cv-thumb-default\" target=\"_self\" ><\/a>\n<div class=\"pt-cv-content\">Reglamento Interno INFIQC ...<br \/><div class=\"pt-cv-rmwrap\"><a href=\"https:\/\/blogs.unc.edu.ar\/infiqc\/institucional\/reglamento-interno\/\" class=\"_self pt-cv-readmore btn btn-success\" target=\"_self\">Leer M\u00e1s<\/a><\/div><\/div>\t<\/div>\r\n<\/div><\/div>\n<div class=\"panel panel-default pt-cv-content-item pt-cv-1-col\" >\r\n<div class=\"panel-heading pt-cv-title\">\r\n    <a class=\"panel-title\" data-toggle=\"cvcollapse\" data-parent=\"#5df9862dl4\" data-target=\"#69c8969ypu\" href='https:\/\/blogs.unc.edu.ar\/infiqc\/institucional\/disponibilidad-horaria-cpa-y-adm\/' onclick='event.preventDefault()'>\r\n\t\tDisponibilidad Horaria CPA y Adm.\t<\/a>\r\n\t<\/div>\r\n<div id=\"69c8969ypu\" class=\"panel-collapse collapse \">\r\n\t<div class=\"panel-body\">\r\n\t\t<a href=\"https:\/\/blogs.unc.edu.ar\/infiqc\/institucional\/disponibilidad-horaria-cpa-y-adm\/\" class=\"_self pt-cv-href-thumbnail pt-cv-thumb-default\" target=\"_self\" ><\/a>\n<div class=\"pt-cv-content\"> ...<br \/><div class=\"pt-cv-rmwrap\"><a href=\"https:\/\/blogs.unc.edu.ar\/infiqc\/institucional\/disponibilidad-horaria-cpa-y-adm\/\" class=\"_self pt-cv-readmore btn btn-success\" target=\"_self\">Leer M\u00e1s<\/a><\/div><\/div>\t<\/div>\r\n<\/div><\/div>\n<div class=\"panel panel-default pt-cv-content-item pt-cv-1-col\" >\r\n<div class=\"panel-heading pt-cv-title\">\r\n    <a class=\"panel-title\" data-toggle=\"cvcollapse\" data-parent=\"#5df9862dl4\" data-target=\"#f20a9ccseg\" href='https:\/\/blogs.unc.edu.ar\/infiqc\/institucional\/certificacion-de-servicios\/' onclick='event.preventDefault()'>\r\n\t\tCPA &#8211; Certificaci\u00f3n de Servicios\t<\/a>\r\n\t<\/div>\r\n<div id=\"f20a9ccseg\" class=\"panel-collapse collapse \">\r\n\t<div class=\"panel-body\">\r\n\t\t<a href=\"https:\/\/blogs.unc.edu.ar\/infiqc\/institucional\/certificacion-de-servicios\/\" class=\"_self pt-cv-href-thumbnail pt-cv-thumb-default\" target=\"_self\" ><\/a>\n<div class=\"pt-cv-content\">De acuerdo a lo establecido por el CD, la certificaci\u00f3n mensual de servicios del Personal de Apoyo y la Administraci\u00f3n ...<br \/><div class=\"pt-cv-rmwrap\"><a href=\"https:\/\/blogs.unc.edu.ar\/infiqc\/institucional\/certificacion-de-servicios\/\" class=\"_self pt-cv-readmore btn btn-success\" target=\"_self\">Leer M\u00e1s<\/a><\/div><\/div>\t<\/div>\r\n<\/div><\/div>\n<div class=\"panel panel-default pt-cv-content-item pt-cv-1-col\" >\r\n<div class=\"panel-heading pt-cv-title\">\r\n    <a class=\"panel-title\" data-toggle=\"cvcollapse\" data-parent=\"#5df9862dl4\" data-target=\"#f7047bai68\" href='https:\/\/blogs.unc.edu.ar\/infiqc\/institucional\/laboratorios\/' onclick='event.preventDefault()'>\r\n\t\tLaboratorios\t<\/a>\r\n\t<\/div>\r\n<div id=\"f7047bai68\" class=\"panel-collapse collapse \">\r\n\t<div class=\"panel-body\">\r\n\t\t<a href=\"https:\/\/blogs.unc.edu.ar\/infiqc\/institucional\/laboratorios\/\" class=\"_self pt-cv-href-thumbnail pt-cv-thumb-default\" target=\"_self\" ><\/a>\n<div class=\"pt-cv-content\">COORDINADORES Y CONSEJOS DE ADMINISTRACI\u00d3N DE LOS LABORATORIOS DEL INFIQC Lab. de Cromatograf\u00eda Coordinadora: Mar\u00eda T. Baumgartner Coordinadora Alterna: Bel\u00e9n ...<br \/><div class=\"pt-cv-rmwrap\"><a href=\"https:\/\/blogs.unc.edu.ar\/infiqc\/institucional\/laboratorios\/\" class=\"_self pt-cv-readmore btn btn-success\" target=\"_self\">Leer M\u00e1s<\/a><\/div><\/div>\t<\/div>\r\n<\/div><\/div>\n<div class=\"panel panel-default pt-cv-content-item pt-cv-1-col\" >\r\n<div class=\"panel-heading pt-cv-title\">\r\n    <a class=\"panel-title\" data-toggle=\"cvcollapse\" data-parent=\"#5df9862dl4\" data-target=\"#b72a65dxa9\" href='https:\/\/blogs.unc.edu.ar\/infiqc\/institucional\/organizacion-adminitrativa\/' onclick='event.preventDefault()'>\r\n\t\tOrganizaci\u00f3n Administrativa\t<\/a>\r\n\t<\/div>\r\n<div id=\"b72a65dxa9\" class=\"panel-collapse collapse \">\r\n\t<div class=\"panel-body\">\r\n\t\t<a href=\"https:\/\/blogs.unc.edu.ar\/infiqc\/institucional\/organizacion-adminitrativa\/\" class=\"_self pt-cv-href-thumbnail pt-cv-thumb-default\" target=\"_self\" ><\/a>\n<div class=\"pt-cv-content\">A \u2013 Estructura administrativa: 1)\u00a0Oficina de Asuntos Econ\u00f3micos y Presupuestarios Responsable: Mar\u00eda Laura Buyulaqui; maria.laura.buyulaqui@unc.edu.ar 2)\u00a0Oficina de Personal y Gesti\u00f3n ...<br \/><div class=\"pt-cv-rmwrap\"><a href=\"https:\/\/blogs.unc.edu.ar\/infiqc\/institucional\/organizacion-adminitrativa\/\" class=\"_self pt-cv-readmore btn btn-success\" target=\"_self\">Leer M\u00e1s<\/a><\/div><\/div>\t<\/div>\r\n<\/div><\/div><\/div><\/div><\/div><\/div>\n","protected":false},"excerpt":{"rendered":"","protected":false},"author":180,"featured_media":0,"parent":0,"menu_order":4,"comment_status":"closed","ping_status":"closed","template":"page-templates\/full-width.php","meta":{"footnotes":""},"class_list":["post-370","page","type-page","status-publish","hentry"],"_links":{"self":[{"href":"https:\/\/blogs.unc.edu.ar\/infiqc\/wp-json\/wp\/v2\/pages\/370","targetHints":{"allow":["GET"]}}],"collection":[{"href":"https:\/\/blogs.unc.edu.ar\/infiqc\/wp-json\/wp\/v2\/pages"}],"about":[{"href":"https:\/\/blogs.unc.edu.ar\/infiqc\/wp-json\/wp\/v2\/types\/page"}],"author":[{"embeddable":true,"href":"https:\/\/blogs.unc.edu.ar\/infiqc\/wp-json\/wp\/v2\/users\/180"}],"replies":[{"embeddable":true,"href":"https:\/\/blogs.unc.edu.ar\/infiqc\/wp-json\/wp\/v2\/comments?post=370"}],"version-history":[{"count":9,"href":"https:\/\/blogs.unc.edu.ar\/infiqc\/wp-json\/wp\/v2\/pages\/370\/revisions"}],"predecessor-version":[{"id":2577,"href":"https:\/\/blogs.unc.edu.ar\/infiqc\/wp-json\/wp\/v2\/pages\/370\/revisions\/2577"}],"wp:attachment":[{"href":"https:\/\/blogs.unc.edu.ar\/infiqc\/wp-json\/wp\/v2\/media?parent=370"}],"curies":[{"name":"wp","href":"https:\/\/api.w.org\/{rel}","templated":true}]}}